{"id":1860,"date":"2026-03-20T12:40:41","date_gmt":"2026-03-20T17:40:41","guid":{"rendered":"https:\/\/mariamezcal.ec\/?page_id=1860"},"modified":"2026-03-20T12:47:15","modified_gmt":"2026-03-20T17:47:15","slug":"politicas","status":"publish","type":"page","link":"https:\/\/mariamezcal.ec\/index.php\/politicas\/","title":{"rendered":"Pol\u00edtica de datos"},"content":{"rendered":"\t\t<div data-elementor-type=\"wp-page\" data-elementor-id=\"1860\" class=\"elementor elementor-1860\">\n\t\t\t\t\t\t<section class=\"elementor-section elementor-top-section elementor-element elementor-element-f62fdd0 elementor-section-boxed elementor-section-height-default elementor-section-height-default\" data-id=\"f62fdd0\" data-element_type=\"section\">\n\t\t\t\t\t\t<div class=\"elementor-container elementor-column-gap-default\">\n\t\t\t\t\t<div class=\"elementor-column elementor-col-100 elementor-top-column elementor-element elementor-element-2053b96\" data-id=\"2053b96\" data-element_type=\"column\">\n\t\t\t<div class=\"elementor-widget-wrap elementor-element-populated\">\n\t\t\t\t\t\t<div class=\"elementor-element elementor-element-2137737 elementor-widget elementor-widget-heading\" data-id=\"2137737\" data-element_type=\"widget\" data-widget_type=\"heading.default\">\n\t\t\t\t<div class=\"elementor-widget-container\">\n\t\t\t<style>\/*! elementor - v3.19.0 - 07-02-2024 *\/\n.elementor-heading-title{padding:0;margin:0;line-height:1}.elementor-widget-heading .elementor-heading-title[class*=elementor-size-]>a{color:inherit;font-size:inherit;line-height:inherit}.elementor-widget-heading .elementor-heading-title.elementor-size-small{font-size:15px}.elementor-widget-heading .elementor-heading-title.elementor-size-medium{font-size:19px}.elementor-widget-heading .elementor-heading-title.elementor-size-large{font-size:29px}.elementor-widget-heading .elementor-heading-title.elementor-size-xl{font-size:39px}.elementor-widget-heading .elementor-heading-title.elementor-size-xxl{font-size:59px}<\/style><h2 class=\"elementor-heading-title elementor-size-default\">Pol\u00edtica de datos<\/h2>\t\t<\/div>\n\t\t\t\t<\/div>\n\t\t\t\t<div class=\"elementor-element elementor-element-3fb0e33 elementor-widget-divider--view-line_icon elementor-view-default elementor-widget-divider--element-align-center elementor-widget elementor-widget-divider\" data-id=\"3fb0e33\" data-element_type=\"widget\" data-widget_type=\"divider.default\">\n\t\t\t\t<div class=\"elementor-widget-container\">\n\t\t\t<style>\/*! elementor - v3.19.0 - 07-02-2024 *\/\n.elementor-widget-divider{--divider-border-style:none;--divider-border-width:1px;--divider-color:#0c0d0e;--divider-icon-size:20px;--divider-element-spacing:10px;--divider-pattern-height:24px;--divider-pattern-size:20px;--divider-pattern-url:none;--divider-pattern-repeat:repeat-x}.elementor-widget-divider .elementor-divider{display:flex}.elementor-widget-divider .elementor-divider__text{font-size:15px;line-height:1;max-width:95%}.elementor-widget-divider .elementor-divider__element{margin:0 var(--divider-element-spacing);flex-shrink:0}.elementor-widget-divider .elementor-icon{font-size:var(--divider-icon-size)}.elementor-widget-divider .elementor-divider-separator{display:flex;margin:0;direction:ltr}.elementor-widget-divider--view-line_icon .elementor-divider-separator,.elementor-widget-divider--view-line_text .elementor-divider-separator{align-items:center}.elementor-widget-divider--view-line_icon .elementor-divider-separator:after,.elementor-widget-divider--view-line_icon .elementor-divider-separator:before,.elementor-widget-divider--view-line_text .elementor-divider-separator:after,.elementor-widget-divider--view-line_text .elementor-divider-separator:before{display:block;content:\"\";border-block-end:0;flex-grow:1;border-block-start:var(--divider-border-width) var(--divider-border-style) var(--divider-color)}.elementor-widget-divider--element-align-left .elementor-divider .elementor-divider-separator>.elementor-divider__svg:first-of-type{flex-grow:0;flex-shrink:100}.elementor-widget-divider--element-align-left .elementor-divider-separator:before{content:none}.elementor-widget-divider--element-align-left .elementor-divider__element{margin-left:0}.elementor-widget-divider--element-align-right .elementor-divider .elementor-divider-separator>.elementor-divider__svg:last-of-type{flex-grow:0;flex-shrink:100}.elementor-widget-divider--element-align-right .elementor-divider-separator:after{content:none}.elementor-widget-divider--element-align-right .elementor-divider__element{margin-right:0}.elementor-widget-divider--element-align-start .elementor-divider .elementor-divider-separator>.elementor-divider__svg:first-of-type{flex-grow:0;flex-shrink:100}.elementor-widget-divider--element-align-start .elementor-divider-separator:before{content:none}.elementor-widget-divider--element-align-start .elementor-divider__element{margin-inline-start:0}.elementor-widget-divider--element-align-end .elementor-divider .elementor-divider-separator>.elementor-divider__svg:last-of-type{flex-grow:0;flex-shrink:100}.elementor-widget-divider--element-align-end .elementor-divider-separator:after{content:none}.elementor-widget-divider--element-align-end .elementor-divider__element{margin-inline-end:0}.elementor-widget-divider:not(.elementor-widget-divider--view-line_text):not(.elementor-widget-divider--view-line_icon) .elementor-divider-separator{border-block-start:var(--divider-border-width) var(--divider-border-style) var(--divider-color)}.elementor-widget-divider--separator-type-pattern{--divider-border-style:none}.elementor-widget-divider--separator-type-pattern.elementor-widget-divider--view-line .elementor-divider-separator,.elementor-widget-divider--separator-type-pattern:not(.elementor-widget-divider--view-line) .elementor-divider-separator:after,.elementor-widget-divider--separator-type-pattern:not(.elementor-widget-divider--view-line) .elementor-divider-separator:before,.elementor-widget-divider--separator-type-pattern:not([class*=elementor-widget-divider--view]) .elementor-divider-separator{width:100%;min-height:var(--divider-pattern-height);-webkit-mask-size:var(--divider-pattern-size) 100%;mask-size:var(--divider-pattern-size) 100%;-webkit-mask-repeat:var(--divider-pattern-repeat);mask-repeat:var(--divider-pattern-repeat);background-color:var(--divider-color);-webkit-mask-image:var(--divider-pattern-url);mask-image:var(--divider-pattern-url)}.elementor-widget-divider--no-spacing{--divider-pattern-size:auto}.elementor-widget-divider--bg-round{--divider-pattern-repeat:round}.rtl .elementor-widget-divider .elementor-divider__text{direction:rtl}.e-con-inner>.elementor-widget-divider,.e-con>.elementor-widget-divider{width:var(--container-widget-width,100%);--flex-grow:var(--container-widget-flex-grow)}<\/style>\t\t<div class=\"elementor-divider\">\n\t\t\t<span class=\"elementor-divider-separator\">\n\t\t\t\t\t\t\t<div class=\"elementor-icon elementor-divider__element\">\n\t\t\t\t\t<i aria-hidden=\"true\" class=\"fas fa-spa\"><\/i><\/div>\n\t\t\t\t\t\t<\/span>\n\t\t<\/div>\n\t\t\t\t<\/div>\n\t\t\t\t<\/div>\n\t\t\t\t<div class=\"elementor-element elementor-element-4d4efb7 elementor-widget elementor-widget-heading\" data-id=\"4d4efb7\" data-element_type=\"widget\" data-widget_type=\"heading.default\">\n\t\t\t\t<div class=\"elementor-widget-container\">\n\t\t\t<h2 class=\"elementor-heading-title elementor-size-default\">1. Responsable del tratamiento<\/h2>\t\t<\/div>\n\t\t\t\t<\/div>\n\t\t\t\t<div class=\"elementor-element elementor-element-6f8c7fa elementor-widget__width-initial elementor-widget elementor-widget-heading\" data-id=\"6f8c7fa\" data-element_type=\"widget\" data-widget_type=\"heading.default\">\n\t\t\t\t<div class=\"elementor-widget-container\">\n\t\t\t<h3 class=\"elementor-heading-title elementor-size-default\">Mar\u00eda Mezcal Ecuador, es responsable del tratamiento de los datos personales proporcionados por los usuarios a trav\u00e9s de su sistema de reservas. El establecimiento garantiza que la recopilaci\u00f3n y uso de dicha informaci\u00f3n se realizar\u00e1 conforme a los principios de legalidad, lealtad, transparencia, minimizaci\u00f3n de datos y confidencialidad, asegurando que los datos sean utilizados \u00fanicamente para fines leg\u00edtimos relacionados con la gesti\u00f3n de reservas y la prestaci\u00f3n de sus servicios.<br><br><\/h3>\t\t<\/div>\n\t\t\t\t<\/div>\n\t\t\t\t<div class=\"elementor-element elementor-element-df102e5 elementor-widget__width-initial elementor-widget elementor-widget-heading\" data-id=\"df102e5\" data-element_type=\"widget\" data-widget_type=\"heading.default\">\n\t\t\t\t<div class=\"elementor-widget-container\">\n\t\t\t<h2 class=\"elementor-heading-title elementor-size-default\">2. Datos personales recopilados<\/h2>\t\t<\/div>\n\t\t\t\t<\/div>\n\t\t\t\t<div class=\"elementor-element elementor-element-ae5776a elementor-widget__width-initial elementor-widget elementor-widget-heading\" data-id=\"ae5776a\" data-element_type=\"widget\" data-widget_type=\"heading.default\">\n\t\t\t\t<div class=\"elementor-widget-container\">\n\t\t\t<h3 class=\"elementor-heading-title elementor-size-default\">Mar\u00eda Mezcal Ecuador recopila informaci\u00f3n necesaria por medio<span style=\"font-family: Roboto, sans-serif; font-size: 15px; font-style: normal; font-variant-ligatures: normal; font-variant-caps: normal; font-weight: 400;\"> del formulario de reservas, <\/span><span style=\"font-family: Roboto, sans-serif; font-size: 15px; font-weight: 400;\">para la correcta prestaci\u00f3n del servicio, incluyendo nombre, correo electr\u00f3nico, n\u00famero de tel\u00e9fono, fecha y hora de la reserva, n\u00famero de personas y, de manera opcional, la fecha de cumplea\u00f1os u otros datos adicionales que el usuario decida proporcionar. Esta informaci\u00f3n es solicitada \u00fanicamente con fines operativos y de atenci\u00f3n al cliente.<\/span><br><br><\/h3>\t\t<\/div>\n\t\t\t\t<\/div>\n\t\t\t\t<div class=\"elementor-element elementor-element-9b925e1 elementor-widget__width-initial elementor-widget elementor-widget-heading\" data-id=\"9b925e1\" data-element_type=\"widget\" data-widget_type=\"heading.default\">\n\t\t\t\t<div class=\"elementor-widget-container\">\n\t\t\t<h2 class=\"elementor-heading-title elementor-size-default\">3. Finalidad del tratamiento<\/h2>\t\t<\/div>\n\t\t\t\t<\/div>\n\t\t\t\t<div class=\"elementor-element elementor-element-83189c9 elementor-widget__width-initial elementor-widget elementor-widget-heading\" data-id=\"83189c9\" data-element_type=\"widget\" data-widget_type=\"heading.default\">\n\t\t\t\t<div class=\"elementor-widget-container\">\n\t\t\t<h3 class=\"elementor-heading-title elementor-size-default\"><p data-start=\"1170\" data-end=\"1649\">Los datos personales ser\u00e1n utilizados exclusivamente para gestionar y confirmar reservas, contactar al cliente en relaci\u00f3n con su solicitud, enviar notificaciones de confirmaci\u00f3n, recordatorios o cambios, as\u00ed como brindar una experiencia adecuada dentro del establecimiento. En caso de que el usuario lo autorice, la informaci\u00f3n tambi\u00e9n podr\u00e1 ser utilizada para el env\u00edo de promociones, beneficios especiales o comunicaciones relacionadas con fechas importantes, como cumplea\u00f1os.<span style=\"font-family: Roboto, sans-serif; font-size: 15px; font-weight: 400;\"><\/span><\/p><\/h3>\t\t<\/div>\n\t\t\t\t<\/div>\n\t\t\t\t<div class=\"elementor-element elementor-element-ff82c46 elementor-widget__width-initial elementor-widget elementor-widget-heading\" data-id=\"ff82c46\" data-element_type=\"widget\" data-widget_type=\"heading.default\">\n\t\t\t\t<div class=\"elementor-widget-container\">\n\t\t\t<h2 class=\"elementor-heading-title elementor-size-default\">4. Base legal del tratamiento<\/h2>\t\t<\/div>\n\t\t\t\t<\/div>\n\t\t\t\t<div class=\"elementor-element elementor-element-8dcdaf8 elementor-widget__width-initial elementor-widget elementor-widget-heading\" data-id=\"8dcdaf8\" data-element_type=\"widget\" data-widget_type=\"heading.default\">\n\t\t\t\t<div class=\"elementor-widget-container\">\n\t\t\t<h3 class=\"elementor-heading-title elementor-size-default\"><p data-start=\"1170\" data-end=\"1649\">El tratamiento de los datos personales se realiza con base en el consentimiento otorgado por el usuario al momento de completar el formulario, as\u00ed como en la necesidad de ejecutar una relaci\u00f3n precontractual o contractual derivada de la reserva solicitada.<span style=\"font-family: Roboto, sans-serif; font-size: 15px; font-weight: 400;\"><\/span><\/p><\/h3>\t\t<\/div>\n\t\t\t\t<\/div>\n\t\t\t\t<div class=\"elementor-element elementor-element-c11a5b9 elementor-widget__width-initial elementor-widget elementor-widget-heading\" data-id=\"c11a5b9\" data-element_type=\"widget\" data-widget_type=\"heading.default\">\n\t\t\t\t<div class=\"elementor-widget-container\">\n\t\t\t<h2 class=\"elementor-heading-title elementor-size-default\">5. Car\u00e1cter obligatorio de la informaci\u00f3n<\/h2>\t\t<\/div>\n\t\t\t\t<\/div>\n\t\t\t\t<div class=\"elementor-element elementor-element-68813b7 elementor-widget__width-initial elementor-widget elementor-widget-heading\" data-id=\"68813b7\" data-element_type=\"widget\" data-widget_type=\"heading.default\">\n\t\t\t\t<div class=\"elementor-widget-container\">\n\t\t\t<h3 class=\"elementor-heading-title elementor-size-default\"><p data-start=\"1170\" data-end=\"1649\">Los datos marcados como obligatorios son necesarios para procesar correctamente la reserva. En caso de que esta informaci\u00f3n no sea proporcionada, Mar\u00eda Mezcal no podr\u00e1 garantizar la prestaci\u00f3n del servicio. Los datos opcionales ser\u00e1n tratados \u00fanicamente si el usuario decide proporcionarlos de forma voluntaria.<span style=\"font-family: Roboto, sans-serif; font-size: 15px; font-weight: 400;\"><\/span><\/p><\/h3>\t\t<\/div>\n\t\t\t\t<\/div>\n\t\t\t\t<div class=\"elementor-element elementor-element-7ffb59f elementor-widget__width-initial elementor-widget elementor-widget-heading\" data-id=\"7ffb59f\" data-element_type=\"widget\" data-widget_type=\"heading.default\">\n\t\t\t\t<div class=\"elementor-widget-container\">\n\t\t\t<h2 class=\"elementor-heading-title elementor-size-default\">6. Conservaci\u00f3n de los datos<\/h2>\t\t<\/div>\n\t\t\t\t<\/div>\n\t\t\t\t<div class=\"elementor-element elementor-element-ce2de0d elementor-widget__width-initial elementor-widget elementor-widget-heading\" data-id=\"ce2de0d\" data-element_type=\"widget\" data-widget_type=\"heading.default\">\n\t\t\t\t<div class=\"elementor-widget-container\">\n\t\t\t<h3 class=\"elementor-heading-title elementor-size-default\"><p data-start=\"1170\" data-end=\"1649\">Los datos personales ser\u00e1n conservados \u00fanicamente durante el tiempo necesario para cumplir con las finalidades descritas en esta pol\u00edtica o mientras exista una relaci\u00f3n activa con el cliente. Posteriormente, podr\u00e1n ser eliminados o anonimizados de forma segura.<span style=\"font-family: Roboto, sans-serif; font-size: 15px; font-weight: 400;\"><\/span><\/p><\/h3>\t\t<\/div>\n\t\t\t\t<\/div>\n\t\t\t\t<div class=\"elementor-element elementor-element-cab9ae5 elementor-widget__width-initial elementor-widget elementor-widget-heading\" data-id=\"cab9ae5\" data-element_type=\"widget\" data-widget_type=\"heading.default\">\n\t\t\t\t<div class=\"elementor-widget-container\">\n\t\t\t<h2 class=\"elementor-heading-title elementor-size-default\">7. Compartici\u00f3n de datos<\/h2>\t\t<\/div>\n\t\t\t\t<\/div>\n\t\t\t\t<div class=\"elementor-element elementor-element-268a4e9 elementor-widget__width-initial elementor-widget elementor-widget-heading\" data-id=\"268a4e9\" data-element_type=\"widget\" data-widget_type=\"heading.default\">\n\t\t\t\t<div class=\"elementor-widget-container\">\n\t\t\t<h3 class=\"elementor-heading-title elementor-size-default\"><p data-start=\"2651\" data-end=\"3050\">Mar\u00eda Mezcal Ecuador no vende, alquila ni comercializa los datos personales de sus usuarios. Sin embargo, podr\u00e1 utilizar servicios tecnol\u00f3gicos de terceros necesarios para el funcionamiento del sistema, tales como plataformas de hosting, servicios de correo electr\u00f3nico o herramientas de mensajer\u00eda como WhatsApp. Estos proveedores operan bajo est\u00e1ndares adecuados de confidencialidad y protecci\u00f3n de datos.<span style=\"font-family: Roboto, sans-serif; font-size: 15px; font-weight: 400;\"><\/span><\/p><\/h3>\t\t<\/div>\n\t\t\t\t<\/div>\n\t\t\t\t<div class=\"elementor-element elementor-element-177e35a elementor-widget__width-initial elementor-widget elementor-widget-heading\" data-id=\"177e35a\" data-element_type=\"widget\" data-widget_type=\"heading.default\">\n\t\t\t\t<div class=\"elementor-widget-container\">\n\t\t\t<h2 class=\"elementor-heading-title elementor-size-default\">8. Seguridad de la informaci\u00f3n<\/h2>\t\t<\/div>\n\t\t\t\t<\/div>\n\t\t\t\t<div class=\"elementor-element elementor-element-f13039e elementor-widget__width-initial elementor-widget elementor-widget-heading\" data-id=\"f13039e\" data-element_type=\"widget\" data-widget_type=\"heading.default\">\n\t\t\t\t<div class=\"elementor-widget-container\">\n\t\t\t<h3 class=\"elementor-heading-title elementor-size-default\"><p data-start=\"3093\" data-end=\"3407\">El establecimiento adopta medidas t\u00e9cnicas y organizativas razonables para proteger los datos personales contra accesos no autorizados, p\u00e9rdida, alteraci\u00f3n o divulgaci\u00f3n indebida. No obstante, el usuario reconoce que ning\u00fan sistema es completamente seguro, por lo que no se puede garantizar una seguridad absoluta.<span style=\"font-family: Roboto, sans-serif; font-size: 15px; font-weight: 400;\"><\/span><\/p><\/h3>\t\t<\/div>\n\t\t\t\t<\/div>\n\t\t\t\t<div class=\"elementor-element elementor-element-bc535ca elementor-widget__width-initial elementor-widget elementor-widget-heading\" data-id=\"bc535ca\" data-element_type=\"widget\" data-widget_type=\"heading.default\">\n\t\t\t\t<div class=\"elementor-widget-container\">\n\t\t\t<h2 class=\"elementor-heading-title elementor-size-default\">9. Derechos del titular<\/h2>\t\t<\/div>\n\t\t\t\t<\/div>\n\t\t\t\t<div class=\"elementor-element elementor-element-340cb70 elementor-widget__width-initial elementor-widget elementor-widget-heading\" data-id=\"340cb70\" data-element_type=\"widget\" data-widget_type=\"heading.default\">\n\t\t\t\t<div class=\"elementor-widget-container\">\n\t\t\t<h3 class=\"elementor-heading-title elementor-size-default\">El titular de los datos podr\u00e1 en cualquier momento acceder a su informaci\u00f3n personal, solicitar su rectificaci\u00f3n, eliminaci\u00f3n, oponerse a su tratamiento o revocar su consentimiento. Para ejercer estos derechos, deber\u00e1 comunicarse a trav\u00e9s de los canales oficiales de Mar\u00eda Mezcal Ecuador.<br><br><\/h3>\t\t<\/div>\n\t\t\t\t<\/div>\n\t\t\t\t<div class=\"elementor-element elementor-element-5da8865 elementor-widget__width-initial elementor-widget elementor-widget-heading\" data-id=\"5da8865\" data-element_type=\"widget\" data-widget_type=\"heading.default\">\n\t\t\t\t<div class=\"elementor-widget-container\">\n\t\t\t<h2 class=\"elementor-heading-title elementor-size-default\">10. Comunicaciones<\/h2>\t\t<\/div>\n\t\t\t\t<\/div>\n\t\t\t\t<div class=\"elementor-element elementor-element-ca470da elementor-widget__width-initial elementor-widget elementor-widget-heading\" data-id=\"ca470da\" data-element_type=\"widget\" data-widget_type=\"heading.default\">\n\t\t\t\t<div class=\"elementor-widget-container\">\n\t\t\t<h3 class=\"elementor-heading-title elementor-size-default\"><p data-start=\"3754\" data-end=\"4000\">En caso de haber otorgado su consentimiento, el usuario podr\u00e1 recibir comunicaciones relacionadas con promociones, beneficios especiales o fechas importantes. El usuario podr\u00e1 solicitar la cancelaci\u00f3n de estas comunicaciones en cualquier momento.<span style=\"font-family: Roboto, sans-serif; font-size: 15px; font-weight: 400;\"><\/span><\/p><\/h3>\t\t<\/div>\n\t\t\t\t<\/div>\n\t\t\t\t<div class=\"elementor-element elementor-element-ca3752f elementor-widget__width-initial elementor-widget elementor-widget-heading\" data-id=\"ca3752f\" data-element_type=\"widget\" data-widget_type=\"heading.default\">\n\t\t\t\t<div class=\"elementor-widget-container\">\n\t\t\t<h2 class=\"elementor-heading-title elementor-size-default\">11. Modificaciones<\/h2>\t\t<\/div>\n\t\t\t\t<\/div>\n\t\t\t\t<div class=\"elementor-element elementor-element-76fd92f elementor-widget__width-initial elementor-widget elementor-widget-heading\" data-id=\"76fd92f\" data-element_type=\"widget\" data-widget_type=\"heading.default\">\n\t\t\t\t<div class=\"elementor-widget-container\">\n\t\t\t<h3 class=\"elementor-heading-title elementor-size-default\"><p data-start=\"3754\" data-end=\"4000\">Mar\u00eda Mezcal Ecuador se reserva el derecho de modificar la presente pol\u00edtica en cualquier momento. Cualquier actualizaci\u00f3n ser\u00e1 publicada en esta misma p\u00e1gina.<span style=\"font-family: Roboto, sans-serif; font-size: 15px; font-weight: 400;\"><\/span><\/p><\/h3>\t\t<\/div>\n\t\t\t\t<\/div>\n\t\t\t\t<div class=\"elementor-element elementor-element-db238e3 elementor-widget__width-initial elementor-widget elementor-widget-heading\" data-id=\"db238e3\" data-element_type=\"widget\" data-widget_type=\"heading.default\">\n\t\t\t\t<div class=\"elementor-widget-container\">\n\t\t\t<h2 class=\"elementor-heading-title elementor-size-default\">12. Aceptaci\u00f3n<\/h2>\t\t<\/div>\n\t\t\t\t<\/div>\n\t\t\t\t<div class=\"elementor-element elementor-element-153c0ac elementor-widget__width-initial elementor-widget elementor-widget-heading\" data-id=\"153c0ac\" data-element_type=\"widget\" data-widget_type=\"heading.default\">\n\t\t\t\t<div class=\"elementor-widget-container\">\n\t\t\t<h3 class=\"elementor-heading-title elementor-size-default\"><p data-start=\"3754\" data-end=\"4000\">Al completar el formulario de reserva, el usuario declara haber le\u00eddo, comprendido y aceptado los t\u00e9rminos y condiciones, incluyendo el tratamiento de sus datos personales conforme a lo establecido en este documento.<span style=\"font-family: Roboto, sans-serif; font-size: 15px; font-weight: 400;\"><\/span><\/p><\/h3>\t\t<\/div>\n\t\t\t\t<\/div>\n\t\t\t\t\t<\/div>\n\t\t<\/div>\n\t\t\t\t\t<\/div>\n\t\t<\/section>\n\t\t\t\t<section class=\"elementor-section elementor-top-section elementor-element elementor-element-728eb7a elementor-section-boxed elementor-section-height-default elementor-section-height-default\" data-id=\"728eb7a\" data-element_type=\"section\">\n\t\t\t\t\t\t<div class=\"elementor-container elementor-column-gap-default\">\n\t\t\t\t\t<div class=\"elementor-column elementor-col-100 elementor-top-column elementor-element elementor-element-d6f14c5\" data-id=\"d6f14c5\" data-element_type=\"column\">\n\t\t\t<div class=\"elementor-widget-wrap elementor-element-populated\">\n\t\t\t\t\t\t<div class=\"elementor-element elementor-element-c836dd9 elementor-widget elementor-widget-html\" data-id=\"c836dd9\" data-element_type=\"widget\" data-widget_type=\"html.default\">\n\t\t\t\t<div class=\"elementor-widget-container\">\n\t\t\t<body><\/body>\r\n<style>\r\n    body {\r\n        background-color: #010000\r\n;\r\n    }\r\n    \r\n<\/style>\t\t<\/div>\n\t\t\t\t<\/div>\n\t\t\t\t\t<\/div>\n\t\t<\/div>\n\t\t\t\t\t<\/div>\n\t\t<\/section>\n\t\t\t\t<\/div>\n\t\t","protected":false},"excerpt":{"rendered":"<p>Pol\u00edtica de datos 1. Responsable del tratamiento Mar\u00eda Mezcal Ecuador, es responsable del tratamiento de los datos personales proporcionados por los usuarios a trav\u00e9s de su sistema de reservas. El establecimiento garantiza que la recopilaci\u00f3n y uso de dicha informaci\u00f3n se realizar\u00e1 conforme a los principios de legalidad, lealtad, transparencia, minimizaci\u00f3n de datos y confidencialidad, [&hellip;]<\/p>\n","protected":false},"author":1,"featured_media":0,"parent":0,"menu_order":0,"comment_status":"closed","ping_status":"closed","template":"","meta":{"footnotes":"","_joinchat":[]},"acf":[],"yoast_head":"<!-- This site is optimized with the Yoast SEO plugin v22.0 - https:\/\/yoast.com\/wordpress\/plugins\/seo\/ -->\n<title>Pol\u00edtica de datos - Maria Mezcal Ecuador<\/title>\n<meta name=\"robots\" content=\"index, follow, max-snippet:-1, max-image-preview:large, max-video-preview:-1\" \/>\n<link rel=\"canonical\" href=\"https:\/\/mariamezcal.ec\/index.php\/politicas\/\" \/>\n<meta property=\"og:locale\" content=\"es_ES\" \/>\n<meta property=\"og:type\" content=\"article\" \/>\n<meta property=\"og:title\" content=\"Pol\u00edtica de datos - Maria Mezcal Ecuador\" \/>\n<meta property=\"og:description\" content=\"Pol\u00edtica de datos 1. Responsable del tratamiento Mar\u00eda Mezcal Ecuador, es responsable del tratamiento de los datos personales proporcionados por los usuarios a trav\u00e9s de su sistema de reservas. El establecimiento garantiza que la recopilaci\u00f3n y uso de dicha informaci\u00f3n se realizar\u00e1 conforme a los principios de legalidad, lealtad, transparencia, minimizaci\u00f3n de datos y confidencialidad, [&hellip;]\" \/>\n<meta property=\"og:url\" content=\"https:\/\/mariamezcal.ec\/index.php\/politicas\/\" \/>\n<meta property=\"og:site_name\" content=\"Maria Mezcal Ecuador\" \/>\n<meta property=\"article:modified_time\" content=\"2026-03-20T17:47:15+00:00\" \/>\n<meta name=\"twitter:card\" content=\"summary_large_image\" \/>\n<meta name=\"twitter:label1\" content=\"Tiempo de lectura\" \/>\n\t<meta name=\"twitter:data1\" content=\"3 minutos\" \/>\n<script type=\"application\/ld+json\" class=\"yoast-schema-graph\">{\"@context\":\"https:\/\/schema.org\",\"@graph\":[{\"@type\":\"WebPage\",\"@id\":\"https:\/\/mariamezcal.ec\/index.php\/politicas\/\",\"url\":\"https:\/\/mariamezcal.ec\/index.php\/politicas\/\",\"name\":\"Pol\u00edtica de datos - Maria Mezcal Ecuador\",\"isPartOf\":{\"@id\":\"https:\/\/mariamezcal.ec\/#website\"},\"datePublished\":\"2026-03-20T17:40:41+00:00\",\"dateModified\":\"2026-03-20T17:47:15+00:00\",\"breadcrumb\":{\"@id\":\"https:\/\/mariamezcal.ec\/index.php\/politicas\/#breadcrumb\"},\"inLanguage\":\"es\",\"potentialAction\":[{\"@type\":\"ReadAction\",\"target\":[\"https:\/\/mariamezcal.ec\/index.php\/politicas\/\"]}]},{\"@type\":\"BreadcrumbList\",\"@id\":\"https:\/\/mariamezcal.ec\/index.php\/politicas\/#breadcrumb\",\"itemListElement\":[{\"@type\":\"ListItem\",\"position\":1,\"name\":\"Portada\",\"item\":\"https:\/\/mariamezcal.ec\/\"},{\"@type\":\"ListItem\",\"position\":2,\"name\":\"Pol\u00edtica de datos\"}]},{\"@type\":\"WebSite\",\"@id\":\"https:\/\/mariamezcal.ec\/#website\",\"url\":\"https:\/\/mariamezcal.ec\/\",\"name\":\"Maria Mezcal Ecuador\",\"description\":\"\",\"publisher\":{\"@id\":\"https:\/\/mariamezcal.ec\/#organization\"},\"potentialAction\":[{\"@type\":\"SearchAction\",\"target\":{\"@type\":\"EntryPoint\",\"urlTemplate\":\"https:\/\/mariamezcal.ec\/?s={search_term_string}\"},\"query-input\":\"required name=search_term_string\"}],\"inLanguage\":\"es\"},{\"@type\":\"Organization\",\"@id\":\"https:\/\/mariamezcal.ec\/#organization\",\"name\":\"Maria Mezcal Ecuador\",\"url\":\"https:\/\/mariamezcal.ec\/\",\"logo\":{\"@type\":\"ImageObject\",\"inLanguage\":\"es\",\"@id\":\"https:\/\/mariamezcal.ec\/#\/schema\/logo\/image\/\",\"url\":\"\/wp-content\/uploads\/2023\/08\/maria-mezcal-cumbaya.webp\",\"contentUrl\":\"\/wp-content\/uploads\/2023\/08\/maria-mezcal-cumbaya.webp\",\"width\":236,\"height\":71,\"caption\":\"Maria Mezcal Ecuador\"},\"image\":{\"@id\":\"https:\/\/mariamezcal.ec\/#\/schema\/logo\/image\/\"}}]}<\/script>\n<!-- \/ Yoast SEO plugin. -->","yoast_head_json":{"title":"Pol\u00edtica de datos - Maria Mezcal Ecuador","robots":{"index":"index","follow":"follow","max-snippet":"max-snippet:-1","max-image-preview":"max-image-preview:large","max-video-preview":"max-video-preview:-1"},"canonical":"https:\/\/mariamezcal.ec\/index.php\/politicas\/","og_locale":"es_ES","og_type":"article","og_title":"Pol\u00edtica de datos - Maria Mezcal Ecuador","og_description":"Pol\u00edtica de datos 1. Responsable del tratamiento Mar\u00eda Mezcal Ecuador, es responsable del tratamiento de los datos personales proporcionados por los usuarios a trav\u00e9s de su sistema de reservas. El establecimiento garantiza que la recopilaci\u00f3n y uso de dicha informaci\u00f3n se realizar\u00e1 conforme a los principios de legalidad, lealtad, transparencia, minimizaci\u00f3n de datos y confidencialidad, [&hellip;]","og_url":"https:\/\/mariamezcal.ec\/index.php\/politicas\/","og_site_name":"Maria Mezcal Ecuador","article_modified_time":"2026-03-20T17:47:15+00:00","twitter_card":"summary_large_image","twitter_misc":{"Tiempo de lectura":"3 minutos"},"schema":{"@context":"https:\/\/schema.org","@graph":[{"@type":"WebPage","@id":"https:\/\/mariamezcal.ec\/index.php\/politicas\/","url":"https:\/\/mariamezcal.ec\/index.php\/politicas\/","name":"Pol\u00edtica de datos - Maria Mezcal Ecuador","isPartOf":{"@id":"https:\/\/mariamezcal.ec\/#website"},"datePublished":"2026-03-20T17:40:41+00:00","dateModified":"2026-03-20T17:47:15+00:00","breadcrumb":{"@id":"https:\/\/mariamezcal.ec\/index.php\/politicas\/#breadcrumb"},"inLanguage":"es","potentialAction":[{"@type":"ReadAction","target":["https:\/\/mariamezcal.ec\/index.php\/politicas\/"]}]},{"@type":"BreadcrumbList","@id":"https:\/\/mariamezcal.ec\/index.php\/politicas\/#breadcrumb","itemListElement":[{"@type":"ListItem","position":1,"name":"Portada","item":"https:\/\/mariamezcal.ec\/"},{"@type":"ListItem","position":2,"name":"Pol\u00edtica de datos"}]},{"@type":"WebSite","@id":"https:\/\/mariamezcal.ec\/#website","url":"https:\/\/mariamezcal.ec\/","name":"Maria Mezcal Ecuador","description":"","publisher":{"@id":"https:\/\/mariamezcal.ec\/#organization"},"potentialAction":[{"@type":"SearchAction","target":{"@type":"EntryPoint","urlTemplate":"https:\/\/mariamezcal.ec\/?s={search_term_string}"},"query-input":"required name=search_term_string"}],"inLanguage":"es"},{"@type":"Organization","@id":"https:\/\/mariamezcal.ec\/#organization","name":"Maria Mezcal Ecuador","url":"https:\/\/mariamezcal.ec\/","logo":{"@type":"ImageObject","inLanguage":"es","@id":"https:\/\/mariamezcal.ec\/#\/schema\/logo\/image\/","url":"\/wp-content\/uploads\/2023\/08\/maria-mezcal-cumbaya.webp","contentUrl":"\/wp-content\/uploads\/2023\/08\/maria-mezcal-cumbaya.webp","width":236,"height":71,"caption":"Maria Mezcal Ecuador"},"image":{"@id":"https:\/\/mariamezcal.ec\/#\/schema\/logo\/image\/"}}]}},"_links":{"self":[{"href":"https:\/\/mariamezcal.ec\/index.php\/wp-json\/wp\/v2\/pages\/1860"}],"collection":[{"href":"https:\/\/mariamezcal.ec\/index.php\/wp-json\/wp\/v2\/pages"}],"about":[{"href":"https:\/\/mariamezcal.ec\/index.php\/wp-json\/wp\/v2\/types\/page"}],"author":[{"embeddable":true,"href":"https:\/\/mariamezcal.ec\/index.php\/wp-json\/wp\/v2\/users\/1"}],"replies":[{"embeddable":true,"href":"https:\/\/mariamezcal.ec\/index.php\/wp-json\/wp\/v2\/comments?post=1860"}],"version-history":[{"count":13,"href":"https:\/\/mariamezcal.ec\/index.php\/wp-json\/wp\/v2\/pages\/1860\/revisions"}],"predecessor-version":[{"id":1875,"href":"https:\/\/mariamezcal.ec\/index.php\/wp-json\/wp\/v2\/pages\/1860\/revisions\/1875"}],"wp:attachment":[{"href":"https:\/\/mariamezcal.ec\/index.php\/wp-json\/wp\/v2\/media?parent=1860"}],"curies":[{"name":"wp","href":"https:\/\/api.w.org\/{rel}","templated":true}]}}